{"id":26614,"date":"2017-06-01T18:26:35","date_gmt":"2017-06-01T18:26:35","guid":{"rendered":"http:\/\/belgrano.es\/web\/?page_id=26614"},"modified":"2024-09-25T19:43:24","modified_gmt":"2024-09-25T19:43:24","slug":"fotografo-comuniones-malaga","status":"publish","type":"page","link":"https:\/\/belgrano.es\/web\/fotografo-comuniones-malaga\/","title":{"rendered":"Fotografo Comuniones"},"content":{"rendered":"<h2 style=\"text-align: justify;\">Fotografo Comuniones Malaga<\/h2>\n<p style=\"text-align: justify;\">Realizo reportaje de Comuniones en M\u00e1laga. Tu fotografo comuniones Malaga.<\/p>\n<p style=\"text-align: justify;\"><a href=\"http:\/\/belgrano.es\/web\/wp-content\/uploads\/2017\/09\/reportaje-comunion-alejandro-3.jpg\"><img loading=\"lazy\" decoding=\"async\" class=\"alignright wp-image-28493 size-medium\" title=\"fotografo comuniones malaga\" src=\"http:\/\/belgrano.es\/web\/wp-content\/uploads\/2017\/09\/reportaje-comunion-alejandro-3-300x200.jpg\" alt=\"fotografo comuniones malaga\" width=\"300\" height=\"200\"><\/a>Si lo desea, puede <a href=\"http:\/\/belgrano.es\/web\/contactar-fotografo-malaga\/\">contactar rellenando el formulario<\/a> de contacto y solicitar <a href=\"http:\/\/belgrano.es\/web\/contratar-fotografo-malaga\/\" target=\"_blank\" rel=\"noopener\">presupuesto<\/a>&nbsp;para fotografo de comuniones en M\u00e1laga.<\/p>\n<p style=\"text-align: justify;\">Fotograf\u00edas con un <strong>estilo natural<\/strong>. Realizo sesiones de <strong>estudio<\/strong> o en una localizaci\u00f3n <strong>exterior<\/strong>: en el <strong>parque<\/strong>, en la <strong>playa<\/strong> o en cualquier sitio sugerido. Mi prioridad es que los ni\u00f1os se sientan c\u00f3modos, pasen un rato agradable y expresen todos los sentimientos que tienen en su interior.<\/p>\n<p style=\"text-align: justify;\">Me desplazar\u00e9 a cualquier localidad de <strong>M\u00e1laga<\/strong> para realizar vuestro reportaje de Comuni\u00f3n al mejor precio.<\/p>\n<h2 style=\"text-align: justify;\">\u00bfCu\u00e1l es el precio de Fotografo Comuniones Malaga?<\/h2>\n<p style=\"text-align: justify;\">El <strong>precio<\/strong> como fot\u00f3grafo de comuniones, <strong>var\u00eda<\/strong> seg\u00fan el tipo de reportaje, pudiendo ser sesiones de <strong>estudio<\/strong>, sesiones en <strong>exterior<\/strong>, cubrir la <strong>ceremonia<\/strong>, etc. Desp\u00faes podr\u00e1 elegir si lo desea, un <strong>\u00e1lbum de comuni\u00f3n<\/strong>, <strong>libro de firmas<\/strong>, <strong><a href=\"http:\/\/belgrano.es\/web\/producto\/recordatorios-comunion\/\" target=\"_blank\" rel=\"noopener\">recordatorios<\/a><\/strong>,&nbsp;<strong>marcap\u00e1ginas<\/strong> o <strong>copias<\/strong> ampliadas para los abuelos, por ejemplo. Puedes consultar los precios fotografo comuniones en la&nbsp;<a href=\"http:\/\/belgrano.es\/web\/tienda\/\">tienda<\/a>.<\/p>\n<p style=\"text-align: justify;\">Por otro lado, puedes <a href=\"http:\/\/belgrano.es\/web\/contactar-fotografo-malaga\/\">contactar enviando un mensaje<\/a> indicando informaci\u00f3n sobre lo que necesitas, fotograf\u00edas de estudio, fotograf\u00edas en exterior. Seg\u00fan el presupuesto del que dispongas, tratar\u00e9 de darte la mejor opci\u00f3n al mejor precio posible.<\/p>\n<h2 style=\"text-align: justify;\">\u00bfC\u00f3mo elijo las fotos de comuni\u00f3n que m\u00e1s me gustan?<\/h2>\n<p style=\"text-align: justify;\">Cuando terminemos la sesi\u00f3n, me pondr\u00e9 enseguida a revisar el trabajo realizado y har\u00e9 un <strong>primer procesado<\/strong> de las fotos. Podr\u00e9is ver las fotograf\u00edas desde vuestra <strong>cuenta privada<\/strong>, para <b>verlas&nbsp;<\/b>tranquilamente online <strong>desde casa<\/strong>, con tu pareja o familiares y as\u00ed elegir las mejores fotos (para el alb\u00fam de comuni\u00f3n).<\/p>\n<p style=\"text-align: justify;\">Entrego las fotograf\u00edas seleccionadas en <strong>formato digital<\/strong> para que pod\u00e1is tenerlas para siempre. Si quieres saber como obtendr\u00e1s tus fotos y el proceso de selecci\u00f3n, puedes obtener una informaci\u00f3n m\u00e1s detalla (pronto publicar\u00e9 la informaci\u00f3n aqu\u00ed).<\/p>\n<p style=\"text-align: justify;\">A continuaci\u00f3n os dejo algunas fotograf\u00edas de trabajos realizado como fotografo comuniones Malaga.<\/p>\n<h2 style=\"text-align: justify;\">Album Galeria Reportaje Comunion Malaga<\/h2>\nngg_shortcode_0_placeholder\n<p>Pod\u00e9is <a href=\"http:\/\/belgrano.es\/web\/contactar-fotografo-malaga\/\">contactar rellenando el formulario<\/a> de contacto y solicitar <a href=\"http:\/\/belgrano.es\/web\/contratar-fotografo-malaga\/\">presupuesto<\/a> para tu fot\u00f3grafo de comuniones en M\u00e1laga.<\/p>\n<p>Si me dejas un mensaje, tratar\u00e9 de ponerme en contacto con vosotros lo antes posible. Si no est\u00e1s seguro de las opciones que tienes, tambi\u00e9n puedes llamarme por tel\u00e9fono.<\/p>\n<p>Gracias por visitar mi web.<\/p>\n<hr>\n<p><small>Temas de inter\u00e9s: fotografo comuniones malaga, reportaje comuniones malaga, fotografos para comuniones, fotografos comunion malaga<br \/>\n<\/small><\/p>\n<h5 style=\"text-align: justify;\">Web alojada en <a href=\"http:\/\/www.pymessoft.com\" target=\"_blank\" rel=\"noopener noreferrer\">Pymessoft.com<\/a><\/h5>\n","protected":false},"excerpt":{"rendered":"<p>Fotografo Comuniones Malaga Realizo reportaje de Comuniones en M\u00e1laga. Tu fotografo comuniones Malaga. Si lo desea, puede contactar rellenando el formulario de contacto y solicitar presupuesto&nbsp;para fotografo de comuniones en M\u00e1laga. Fotograf\u00edas con un estilo natural. Realizo sesiones de estudio o en una localizaci\u00f3n exterior: en el parque, en la playa o en cualquier sitio&hellip; <br \/> <a class=\"button small blue\" href=\"https:\/\/belgrano.es\/web\/fotografo-comuniones-malaga\/\">Leer m\u00e1s<\/a><\/p>\n","protected":false},"author":1,"featured_media":27745,"parent":0,"menu_order":0,"comment_status":"closed","ping_status":"closed","template":"","meta":{"ngg_post_thumbnail":0,"footnotes":""},"class_list":["post-26614","page","type-page","status-publish","has-post-thumbnail","hentry"],"_links":{"self":[{"href":"https:\/\/belgrano.es\/web\/wp-json\/wp\/v2\/pages\/26614","targetHints":{"allow":["GET"]}}],"collection":[{"href":"https:\/\/belgrano.es\/web\/wp-json\/wp\/v2\/pages"}],"about":[{"href":"https:\/\/belgrano.es\/web\/wp-json\/wp\/v2\/types\/page"}],"author":[{"embeddable":true,"href":"https:\/\/belgrano.es\/web\/wp-json\/wp\/v2\/users\/1"}],"replies":[{"embeddable":true,"href":"https:\/\/belgrano.es\/web\/wp-json\/wp\/v2\/comments?post=26614"}],"version-history":[{"count":62,"href":"https:\/\/belgrano.es\/web\/wp-json\/wp\/v2\/pages\/26614\/revisions"}],"predecessor-version":[{"id":29882,"href":"https:\/\/belgrano.es\/web\/wp-json\/wp\/v2\/pages\/26614\/revisions\/29882"}],"wp:featuredmedia":[{"embeddable":true,"href":"https:\/\/belgrano.es\/web\/wp-json\/wp\/v2\/media\/27745"}],"wp:attachment":[{"href":"https:\/\/belgrano.es\/web\/wp-json\/wp\/v2\/media?parent=26614"}],"curies":[{"name":"wp","href":"https:\/\/api.w.org\/{rel}","templated":true}]}}